{"id":45,"date":"2022-04-15T11:59:56","date_gmt":"2022-04-15T11:59:56","guid":{"rendered":"https:\/\/horyzontywyobrazni.pl\/blog\/?page_id=45"},"modified":"2025-03-11T10:24:12","modified_gmt":"2025-03-11T09:24:12","slug":"horyzontow-wakacje","status":"publish","type":"page","link":"http:\/\/horyzontywyobrazni.pl\/index.php\/wydarzenia\/horyzontow-wakacje\/","title":{"rendered":"Horyzont\u00f3w wakacje i ferie"},"content":{"rendered":"\n<p class=\"has-text-align-left\">Wakacje i ferie to czas, kiedy odpoczywaj\u0105 nasze dzieci z edukacji domowej i starsza m\u0142odzie\u017c. W tym czasie jednak nie pr\u00f3\u017cnujemy. Szykujemy si\u0119 do nowego roku\/nowego p\u00f3\u0142rocza, planujemy, organizujemy, ale r\u00f3wnie\u017c otwieramy nasze drzwi dla ludzi z innych miejsc. W ramach ferii b\u0105d\u017a wakacji w Horyzontach zapraszamy Was do wzi\u0119cia udzia\u0142u w proponowanych przez nas aktywno\u015bciach. Wszystkie aktualnie zaplanowane wydarzenia znajdziecie na naszych stronach na <a rel=\"noreferrer noopener\" href=\"https:\/\/www.facebook.com\/domekHW\" data-type=\"URL\" data-id=\"https:\/\/www.facebook.com\/domekHW\" target=\"_blank\">Facebooku<\/a>.<\/p>\n\n\n\n<p class=\"has-text-align-center\"><strong><em>Rok 2025<\/em><\/strong><\/p>\n\n\n\n<div class=\"wp-block-columns is-layout-flex wp-container-core-columns-is-layout-28f84493 wp-block-columns-is-layout-flex\">\n<div class=\"wp-block-column is-layout-flow wp-block-column-is-layout-flow\">\n<figure class=\"wp-block-image size-large\"><img loading=\"lazy\" decoding=\"async\" width=\"726\" height=\"1024\" src=\"https:\/\/horyzontywyobrazni.pl\/wp-content\/uploads\/2025\/03\/475855408_531744342620977_9009211574274405412_n-1-726x1024.jpg\" alt=\"\" class=\"wp-image-837\" srcset=\"http:\/\/horyzontywyobrazni.pl\/wp-content\/uploads\/2025\/03\/475855408_531744342620977_9009211574274405412_n-1-726x1024.jpg 726w, http:\/\/horyzontywyobrazni.pl\/wp-content\/uploads\/2025\/03\/475855408_531744342620977_9009211574274405412_n-1-213x300.jpg 213w, http:\/\/horyzontywyobrazni.pl\/wp-content\/uploads\/2025\/03\/475855408_531744342620977_9009211574274405412_n-1-768x1083.jpg 768w, http:\/\/horyzontywyobrazni.pl\/wp-content\/uploads\/2025\/03\/475855408_531744342620977_9009211574274405412_n-1-1089x1536.jpg 1089w, http:\/\/horyzontywyobrazni.pl\/wp-content\/uploads\/2025\/03\/475855408_531744342620977_9009211574274405412_n-1.jpg 1170w\" sizes=\"auto, (max-width: 726px) 100vw, 726px\" \/><\/figure>\n<\/div>\n\n\n\n<div class=\"wp-block-column is-layout-flow wp-block-column-is-layout-flow\">\n<p class=\"has-text-align-center\">Bardzo lubimy ten czas, gdy mo\u017cemy spotka\u0107 si\u0119 r\u00f3wnie\u017c z innymi osobami w Horyzontach. <\/p>\n\n\n\n<p class=\"has-text-align-center\"><\/p>\n\n\n\n<p class=\"has-text-align-center\">To by\u0142o kilka dni wype\u0142nionych dzia\u0142aniem, tworzeniem, poznawaniem si\u0119, leniuchowaniem, podr\u00f3\u017cowaniem.<\/p>\n\n\n\n<p class=\"has-text-align-center\">Czeg\u00f3\u017c chcie\u0107 wi\u0119cej \ud83d\ude42 <\/p>\n\n\n\n<p><br><\/p>\n<\/div>\n<\/div>\n\n\n\n<div class=\"wp-block-columns is-layout-flex wp-container-core-columns-is-layout-28f84493 wp-block-columns-is-layout-flex\">\n<div class=\"wp-block-column is-layout-flow wp-block-column-is-layout-flow\" style=\"flex-basis:100%\">\n<p class=\"has-text-align-center\"><strong><em>Rok 2024<\/em><\/strong><\/p>\n\n\n\n<div class=\"wp-block-columns is-layout-flex wp-container-core-columns-is-layout-28f84493 wp-block-columns-is-layout-flex\">\n<div class=\"wp-block-column is-layout-flow wp-block-column-is-layout-flow\">\n<figure class=\"wp-block-image size-large\"><img loading=\"lazy\" decoding=\"async\" width=\"724\" height=\"1024\" src=\"https:\/\/horyzontywyobrazni.pl\/wp-content\/uploads\/2025\/03\/449746634_1007752564357224_7753080339988901989_n-724x1024.jpg\" alt=\"\" class=\"wp-image-838\" srcset=\"http:\/\/horyzontywyobrazni.pl\/wp-content\/uploads\/2025\/03\/449746634_1007752564357224_7753080339988901989_n-724x1024.jpg 724w, http:\/\/horyzontywyobrazni.pl\/wp-content\/uploads\/2025\/03\/449746634_1007752564357224_7753080339988901989_n-212x300.jpg 212w, http:\/\/horyzontywyobrazni.pl\/wp-content\/uploads\/2025\/03\/449746634_1007752564357224_7753080339988901989_n-768x1086.jpg 768w, http:\/\/horyzontywyobrazni.pl\/wp-content\/uploads\/2025\/03\/449746634_1007752564357224_7753080339988901989_n-1086x1536.jpg 1086w, http:\/\/horyzontywyobrazni.pl\/wp-content\/uploads\/2025\/03\/449746634_1007752564357224_7753080339988901989_n.jpg 1414w\" sizes=\"auto, (max-width: 724px) 100vw, 724px\" \/><\/figure>\n<\/div>\n\n\n\n<div class=\"wp-block-column is-layout-flow wp-block-column-is-layout-flow\">\n<figure class=\"wp-block-image size-large\"><img loading=\"lazy\" decoding=\"async\" width=\"724\" height=\"1024\" src=\"https:\/\/horyzontywyobrazni.pl\/wp-content\/uploads\/2025\/03\/454156067_1702873220541965_7053461379988874570_n-724x1024.jpg\" alt=\"\" class=\"wp-image-839\" srcset=\"http:\/\/horyzontywyobrazni.pl\/wp-content\/uploads\/2025\/03\/454156067_1702873220541965_7053461379988874570_n-724x1024.jpg 724w, http:\/\/horyzontywyobrazni.pl\/wp-content\/uploads\/2025\/03\/454156067_1702873220541965_7053461379988874570_n-212x300.jpg 212w, http:\/\/horyzontywyobrazni.pl\/wp-content\/uploads\/2025\/03\/454156067_1702873220541965_7053461379988874570_n-768x1086.jpg 768w, http:\/\/horyzontywyobrazni.pl\/wp-content\/uploads\/2025\/03\/454156067_1702873220541965_7053461379988874570_n-1086x1536.jpg 1086w, http:\/\/horyzontywyobrazni.pl\/wp-content\/uploads\/2025\/03\/454156067_1702873220541965_7053461379988874570_n.jpg 1448w\" sizes=\"auto, (max-width: 724px) 100vw, 724px\" \/><\/figure>\n<\/div>\n<\/div>\n<\/div>\n<\/div>\n\n\n\n<h5 class=\"wp-block-heading has-text-align-center\"><strong><em>ROK 2023<\/em><\/strong><\/h5>\n\n\n\n<p>Wakacje:<\/p>\n\n\n\n<div class=\"wp-block-columns is-layout-flex wp-container-core-columns-is-layout-28f84493 wp-block-columns-is-layout-flex\">\n<div class=\"wp-block-column is-layout-flow wp-block-column-is-layout-flow\">\n<figure class=\"wp-block-image size-large\"><img loading=\"lazy\" decoding=\"async\" width=\"724\" height=\"1024\" src=\"http:\/\/horyzontywyobrazni.pl\/wp-content\/uploads\/2023\/06\/zapraszamy-724x1024.jpg\" alt=\"\" class=\"wp-image-805\" srcset=\"http:\/\/horyzontywyobrazni.pl\/wp-content\/uploads\/2023\/06\/zapraszamy-724x1024.jpg 724w, http:\/\/horyzontywyobrazni.pl\/wp-content\/uploads\/2023\/06\/zapraszamy-212x300.jpg 212w, http:\/\/horyzontywyobrazni.pl\/wp-content\/uploads\/2023\/06\/zapraszamy-768x1086.jpg 768w, http:\/\/horyzontywyobrazni.pl\/wp-content\/uploads\/2023\/06\/zapraszamy.jpg 800w\" sizes=\"auto, (max-width: 724px) 100vw, 724px\" \/><\/figure>\n<\/div>\n\n\n\n<div class=\"wp-block-column is-layout-flow wp-block-column-is-layout-flow\">\n<p>C\u00f3\u017c to by\u0142a za gratka!<br>&#8222;Wakacje z\u00a0r\u0119kodzie\u0142em\u00a02023&#8221;.<\/p>\n\n\n\n<p>Prowadz\u0105ca: wspania\u0142a, jedyna w swoim rodzaju, mistrzyni w swoich fachu &#8211; Amelia &lt;3<\/p>\n\n\n\n<p><\/p>\n\n\n\n<p><\/p>\n\n\n\n<p>Tu mo\u017cecie podejrze\u0107, co i jak tworzy: <a href=\"https:\/\/www.facebook.com\/MoonplainsStudio\">Moonplains studio<\/a><br><\/p>\n<\/div>\n<\/div>\n\n\n\n<div class=\"wp-block-columns is-layout-flex wp-container-core-columns-is-layout-28f84493 wp-block-columns-is-layout-flex\">\n<div class=\"wp-block-column is-layout-flow wp-block-column-is-layout-flow\">\n<p class=\"has-text-align-center\"><strong>ZAPRSZAMY<\/strong><\/p>\n\n\n\n<figure class=\"wp-block-image size-full is-resized\"><img loading=\"lazy\" decoding=\"async\" width=\"774\" height=\"750\" src=\"https:\/\/horyzontywyobrazni.pl\/wp-content\/uploads\/2023\/05\/Zrzut-ekranu-2023-05-10-o-12.32.55.png\" alt=\"\" class=\"wp-image-801\" style=\"width:314px;height:304px\" srcset=\"http:\/\/horyzontywyobrazni.pl\/wp-content\/uploads\/2023\/05\/Zrzut-ekranu-2023-05-10-o-12.32.55.png 774w, http:\/\/horyzontywyobrazni.pl\/wp-content\/uploads\/2023\/05\/Zrzut-ekranu-2023-05-10-o-12.32.55-300x291.png 300w, http:\/\/horyzontywyobrazni.pl\/wp-content\/uploads\/2023\/05\/Zrzut-ekranu-2023-05-10-o-12.32.55-768x744.png 768w\" sizes=\"auto, (max-width: 774px) 100vw, 774px\" \/><figcaption class=\"wp-element-caption\">I termin 24.07-28.07.2023<br>II termin 31.07-4.08.2023<\/figcaption><\/figure>\n<\/div>\n\n\n\n<div class=\"wp-block-column is-layout-flow wp-block-column-is-layout-flow\">\n<p>W 2023 roku nowo\u015b\u0107!  Wakacje w Horyzontach, organizowali\u015bmy razem z SGA. <\/p>\n\n\n\n<p>By\u0142o kilka dni intensywnej nauki programowania z elementami robotyki \u2014 a wszystko to poprzez dobr\u0105 zabaw\u0119 i mini konkursy. Nie zabrak\u0142o r\u00f3wnie\u017c czasu na sport i czas sp\u0119dzony na \u015bwie\u017cym powietrzu oraz kreatywne warsztaty. <\/p>\n\n\n\n<p><\/p>\n<\/div>\n<\/div>\n\n\n\n<p>Ferie zimowe:<\/p>\n\n\n\n<div class=\"wp-block-columns is-layout-flex wp-container-core-columns-is-layout-28f84493 wp-block-columns-is-layout-flex\">\n<div class=\"wp-block-column is-layout-flow wp-block-column-is-layout-flow\">\n<figure class=\"wp-block-gallery has-nested-images columns-default is-cropped wp-block-gallery-1 is-layout-flex wp-block-gallery-is-layout-flex\">\n<figure class=\"wp-block-image size-large\"><img loading=\"lazy\" decoding=\"async\" width=\"500\" height=\"500\" data-id=\"781\" src=\"https:\/\/horyzontywyobrazni.pl\/wp-content\/uploads\/2023\/03\/Ferie-2023.png\" alt=\"\" class=\"wp-image-781\" srcset=\"http:\/\/horyzontywyobrazni.pl\/wp-content\/uploads\/2023\/03\/Ferie-2023.png 500w, http:\/\/horyzontywyobrazni.pl\/wp-content\/uploads\/2023\/03\/Ferie-2023-300x300.png 300w, http:\/\/horyzontywyobrazni.pl\/wp-content\/uploads\/2023\/03\/Ferie-2023-150x150.png 150w\" sizes=\"auto, (max-width: 500px) 100vw, 500px\" \/><\/figure>\n<\/figure>\n<\/div>\n\n\n\n<div class=\"wp-block-column is-layout-flow wp-block-column-is-layout-flow\">\n<p>Za nami Ferie z Robotyk\u0105. <br>Poni\u017cej kilka s\u0142\u00f3w od Pani Natalii: &#8222;To by\u0142 cudowny i bardzo kreatywny czas. Podczas zaj\u0119\u0107 ka\u017cdy znalaz\u0142 co\u015b dla siebie, a po po\u0142udniu, na roz\u0142adowanie emocji i zrealizowanie potrzeby ruchu by\u0142o du\u017co sportu i park trampolin<img loading=\"lazy\" decoding=\"async\" width=\"16\" height=\"16\" src=\"https:\/\/static.xx.fbcdn.net\/images\/emoji.php\/v9\/t4c\/1\/16\/1f642.png\" alt=\"\ud83d\ude42\">&nbsp;dzi\u0119kuj\u0119 wszystkim Uczestnikom i do zobaczenia na kolejnych takich projektach&nbsp;<img loading=\"lazy\" decoding=\"async\" width=\"16\" height=\"16\" src=\"https:\/\/static.xx.fbcdn.net\/images\/emoji.php\/v9\/t6c\/1\/16\/2764.png\" alt=\"\u2764\ufe0f\">&#8222;<\/p>\n<\/div>\n<\/div>\n\n\n\n<p class=\"has-text-align-center\"><strong><em>ROK 2022<\/em><\/strong><\/p>\n\n\n\n<p>Wakacje:<\/p>\n\n\n\n<div class=\"wp-block-columns is-layout-flex wp-container-core-columns-is-layout-28f84493 wp-block-columns-is-layout-flex\">\n<div class=\"wp-block-column is-layout-flow wp-block-column-is-layout-flow\">\n<figure class=\"wp-block-image size-large is-style-default\"><img loading=\"lazy\" decoding=\"async\" width=\"724\" height=\"1024\" src=\"https:\/\/horyzontywyobrazni.pl\/wp-content\/uploads\/2022\/08\/WAKACJE-LIPIEC-724x1024.jpg\" alt=\"\" class=\"wp-image-754\" srcset=\"http:\/\/horyzontywyobrazni.pl\/wp-content\/uploads\/2022\/08\/WAKACJE-LIPIEC-724x1024.jpg 724w, http:\/\/horyzontywyobrazni.pl\/wp-content\/uploads\/2022\/08\/WAKACJE-LIPIEC-212x300.jpg 212w, http:\/\/horyzontywyobrazni.pl\/wp-content\/uploads\/2022\/08\/WAKACJE-LIPIEC-768x1086.jpg 768w, http:\/\/horyzontywyobrazni.pl\/wp-content\/uploads\/2022\/08\/WAKACJE-LIPIEC-1086x1536.jpg 1086w, http:\/\/horyzontywyobrazni.pl\/wp-content\/uploads\/2022\/08\/WAKACJE-LIPIEC.jpg 1414w\" sizes=\"auto, (max-width: 724px) 100vw, 724px\" \/><\/figure>\n<\/div>\n\n\n\n<div class=\"wp-block-column is-layout-flow wp-block-column-is-layout-flow\">\n<figure class=\"wp-block-image size-large is-style-default\"><img loading=\"lazy\" decoding=\"async\" width=\"724\" height=\"1024\" src=\"https:\/\/horyzontywyobrazni.pl\/wp-content\/uploads\/2022\/08\/WAKACJE-SIERPIEN-724x1024.jpg\" alt=\"\" class=\"wp-image-755\" srcset=\"http:\/\/horyzontywyobrazni.pl\/wp-content\/uploads\/2022\/08\/WAKACJE-SIERPIEN-724x1024.jpg 724w, http:\/\/horyzontywyobrazni.pl\/wp-content\/uploads\/2022\/08\/WAKACJE-SIERPIEN-212x300.jpg 212w, http:\/\/horyzontywyobrazni.pl\/wp-content\/uploads\/2022\/08\/WAKACJE-SIERPIEN-768x1086.jpg 768w, http:\/\/horyzontywyobrazni.pl\/wp-content\/uploads\/2022\/08\/WAKACJE-SIERPIEN-1086x1536.jpg 1086w, http:\/\/horyzontywyobrazni.pl\/wp-content\/uploads\/2022\/08\/WAKACJE-SIERPIEN.jpg 1414w\" sizes=\"auto, (max-width: 724px) 100vw, 724px\" \/><\/figure>\n<\/div>\n<\/div>\n\n\n\n<p>Ferie zimowe:<\/p>\n\n\n\n<figure class=\"wp-block-image size-large is-resized\"><img loading=\"lazy\" decoding=\"async\" width=\"1024\" height=\"653\" src=\"https:\/\/horyzontywyobrazni.pl\/blog\/wp-content\/uploads\/2022\/04\/ferei12-1024x653.jpeg\" alt=\"\" class=\"wp-image-322\" style=\"width:818px;height:521px\" srcset=\"http:\/\/horyzontywyobrazni.pl\/wp-content\/uploads\/2022\/04\/ferei12-1024x653.jpeg 1024w, http:\/\/horyzontywyobrazni.pl\/wp-content\/uploads\/2022\/04\/ferei12-300x191.jpeg 300w, http:\/\/horyzontywyobrazni.pl\/wp-content\/uploads\/2022\/04\/ferei12-768x490.jpeg 768w, http:\/\/horyzontywyobrazni.pl\/wp-content\/uploads\/2022\/04\/ferei12.jpeg 1280w\" sizes=\"auto, (max-width: 1024px) 100vw, 1024px\" \/><\/figure>\n","protected":false},"excerpt":{"rendered":"<p>Wakacje i ferie to czas, kiedy odpoczywaj\u0105 nasze dzieci z edukacji domowej i starsza m\u0142odzie\u017c. W tym czasie jednak nie pr\u00f3\u017cnujemy. Szykujemy si\u0119 do nowego roku\/nowego p\u00f3\u0142rocza, planujemy, organizujemy, ale r\u00f3wnie\u017c otwieramy nasze drzwi dla ludzi z innych miejsc. W ramach ferii b\u0105d\u017a wakacji w Horyzontach zapraszamy Was do wzi\u0119cia udzia\u0142u w proponowanych przez nas [&hellip;]<\/p>\n","protected":false},"author":2,"featured_media":0,"parent":47,"menu_order":2,"comment_status":"closed","ping_status":"closed","template":"","meta":{"footnotes":""},"class_list":["post-45","page","type-page","status-publish","hentry"],"_links":{"self":[{"href":"http:\/\/horyzontywyobrazni.pl\/index.php\/wp-json\/wp\/v2\/pages\/45","targetHints":{"allow":["GET"]}}],"collection":[{"href":"http:\/\/horyzontywyobrazni.pl\/index.php\/wp-json\/wp\/v2\/pages"}],"about":[{"href":"http:\/\/horyzontywyobrazni.pl\/index.php\/wp-json\/wp\/v2\/types\/page"}],"author":[{"embeddable":true,"href":"http:\/\/horyzontywyobrazni.pl\/index.php\/wp-json\/wp\/v2\/users\/2"}],"replies":[{"embeddable":true,"href":"http:\/\/horyzontywyobrazni.pl\/index.php\/wp-json\/wp\/v2\/comments?post=45"}],"version-history":[{"count":17,"href":"http:\/\/horyzontywyobrazni.pl\/index.php\/wp-json\/wp\/v2\/pages\/45\/revisions"}],"predecessor-version":[{"id":840,"href":"http:\/\/horyzontywyobrazni.pl\/index.php\/wp-json\/wp\/v2\/pages\/45\/revisions\/840"}],"up":[{"embeddable":true,"href":"http:\/\/horyzontywyobrazni.pl\/index.php\/wp-json\/wp\/v2\/pages\/47"}],"wp:attachment":[{"href":"http:\/\/horyzontywyobrazni.pl\/index.php\/wp-json\/wp\/v2\/media?parent=45"}],"curies":[{"name":"wp","href":"https:\/\/api.w.org\/{rel}","templated":true}]}}